{"id":3687,"date":"2026-02-21T21:06:46","date_gmt":"2026-02-21T20:06:46","guid":{"rendered":"https:\/\/karateclubcorbas.com\/kcc_wp\/?post_type=tribe_events&#038;p=3687"},"modified":"2026-02-22T19:47:40","modified_gmt":"2026-02-22T18:47:40","slug":"competition-kata-du-karate-club-corbas","status":"publish","type":"tribe_events","link":"https:\/\/karateclubcorbas.com\/kcc_wp\/kcc_evenement\/competition-kata-du-karate-club-corbas\/","title":{"rendered":"Comp\u00e9tition Kata du Karat\u00e9 Club Corbas"},"content":{"rendered":"<h2><\/h2>\n<h2><\/h2>\n<h1><a href=\"http:\/\/karateclubcorbas.com\/kcc_wp\/wp-content\/uploads\/2026\/02\/IC_Inscriptions_Excel.xlsx\"><strong>T\u00e9l\u00e9chargez la fiche d&rsquo;inscription<\/strong><\/a><\/h1>\n<p><a href=\"http:\/\/karateclubcorbas.com\/kcc_wp\/wp-content\/uploads\/2026\/02\/2026-kcc-interclubs-rvb-scaled.jpg\">\u00a0<\/a><a href=\"http:\/\/karateclubcorbas.com\/kcc_wp\/wp-content\/uploads\/2026\/02\/IMG_6743-scaled.jpg\"><img decoding=\"async\" class=\"alignleft wp-image-3700 size-large\" src=\"http:\/\/karateclubcorbas.com\/kcc_wp\/wp-content\/uploads\/2026\/02\/IMG_6743-724x1024.jpg\" alt=\"\" width=\"724\" height=\"1024\" srcset=\"https:\/\/karateclubcorbas.com\/kcc_wp\/wp-content\/uploads\/2026\/02\/IMG_6743-200x283.jpg 200w, https:\/\/karateclubcorbas.com\/kcc_wp\/wp-content\/uploads\/2026\/02\/IMG_6743-212x300.jpg 212w, https:\/\/karateclubcorbas.com\/kcc_wp\/wp-content\/uploads\/2026\/02\/IMG_6743-400x566.jpg 400w, https:\/\/karateclubcorbas.com\/kcc_wp\/wp-content\/uploads\/2026\/02\/IMG_6743-600x849.jpg 600w, https:\/\/karateclubcorbas.com\/kcc_wp\/wp-content\/uploads\/2026\/02\/IMG_6743-724x1024.jpg 724w, https:\/\/karateclubcorbas.com\/kcc_wp\/wp-content\/uploads\/2026\/02\/IMG_6743-768x1086.jpg 768w, https:\/\/karateclubcorbas.com\/kcc_wp\/wp-content\/uploads\/2026\/02\/IMG_6743-800x1131.jpg 800w, https:\/\/karateclubcorbas.com\/kcc_wp\/wp-content\/uploads\/2026\/02\/IMG_6743-1086x1536.jpg 1086w, https:\/\/karateclubcorbas.com\/kcc_wp\/wp-content\/uploads\/2026\/02\/IMG_6743-1200x1697.jpg 1200w, https:\/\/karateclubcorbas.com\/kcc_wp\/wp-content\/uploads\/2026\/02\/IMG_6743-1448x2048.jpg 1448w, https:\/\/karateclubcorbas.com\/kcc_wp\/wp-content\/uploads\/2026\/02\/IMG_6743-scaled.jpg 1810w\" sizes=\"(max-width: 724px) 100vw, 724px\" \/><\/a><\/p>\n","protected":false},"excerpt":{"rendered":"<p>T\u00e9l\u00e9chargez la fiche d&rsquo;inscription \u00a0<\/p>\n","protected":false},"author":1,"featured_media":3700,"template":"","meta":{"_tribe_events_status":"","_tribe_events_status_reason":"","footnotes":""},"tags":[],"tribe_events_cat":[73],"class_list":["post-3687","tribe_events","type-tribe_events","status-publish","has-post-thumbnail","hentry","tribe_events_cat-competitions-karate","cat_competitions-karate"],"yoast_head":"<!-- This site is optimized with the Yoast SEO plugin v27.5 - https:\/\/yoast.com\/product\/yoast-seo-wordpress\/ -->\n<title>Comp\u00e9tition Kata du Karat\u00e9 Club Corbas - Karat\u00e9 Club Corbas<\/title>\n<meta name=\"robots\" content=\"index, follow, max-snippet:-1, max-image-preview:large, max-video-preview:-1\" \/>\n<link rel=\"canonical\" href=\"https:\/\/karateclubcorbas.com\/kcc_wp\/kcc_evenement\/competition-kata-du-karate-club-corbas\/\" \/>\n<meta property=\"og:locale\" content=\"fr_FR\" \/>\n<meta property=\"og:type\" content=\"article\" \/>\n<meta property=\"og:title\" content=\"Comp\u00e9tition Kata du Karat\u00e9 Club Corbas - Karat\u00e9 Club Corbas\" \/>\n<meta property=\"og:description\" content=\"T\u00e9l\u00e9chargez la fiche d&rsquo;inscription \u00a0\" \/>\n<meta property=\"og:url\" content=\"https:\/\/karateclubcorbas.com\/kcc_wp\/kcc_evenement\/competition-kata-du-karate-club-corbas\/\" \/>\n<meta property=\"og:site_name\" content=\"Karat\u00e9 Club Corbas\" \/>\n<meta property=\"article:modified_time\" content=\"2026-02-22T18:47:40+00:00\" \/>\n<meta property=\"og:image\" content=\"https:\/\/karateclubcorbas.com\/kcc_wp\/wp-content\/uploads\/2026\/02\/IMG_6743-724x1024.jpg\" \/>\n\t<meta property=\"og:image:width\" content=\"724\" \/>\n\t<meta property=\"og:image:height\" content=\"1024\" \/>\n\t<meta property=\"og:image:type\" content=\"image\/jpeg\" \/>\n<meta name=\"twitter:label1\" content=\"Dur\u00e9e de lecture estim\u00e9e\" \/>\n\t<meta name=\"twitter:data1\" content=\"1 minute\" \/>\n<script type=\"application\/ld+json\" class=\"yoast-schema-graph\">{\"@context\":\"https:\\\/\\\/schema.org\",\"@graph\":[{\"@type\":\"WebPage\",\"@id\":\"https:\\\/\\\/karateclubcorbas.com\\\/kcc_wp\\\/kcc_evenement\\\/competition-kata-du-karate-club-corbas\\\/\",\"url\":\"https:\\\/\\\/karateclubcorbas.com\\\/kcc_wp\\\/kcc_evenement\\\/competition-kata-du-karate-club-corbas\\\/\",\"name\":\"Comp\u00e9tition Kata du Karat\u00e9 Club Corbas - Karat\u00e9 Club Corbas\",\"isPartOf\":{\"@id\":\"http:\\\/\\\/karateclubcorbas.com\\\/kcc_wp\\\/#website\"},\"primaryImageOfPage\":{\"@id\":\"https:\\\/\\\/karateclubcorbas.com\\\/kcc_wp\\\/kcc_evenement\\\/competition-kata-du-karate-club-corbas\\\/#primaryimage\"},\"image\":{\"@id\":\"https:\\\/\\\/karateclubcorbas.com\\\/kcc_wp\\\/kcc_evenement\\\/competition-kata-du-karate-club-corbas\\\/#primaryimage\"},\"thumbnailUrl\":\"https:\\\/\\\/karateclubcorbas.com\\\/kcc_wp\\\/wp-content\\\/uploads\\\/2026\\\/02\\\/IMG_6743-scaled.jpg\",\"datePublished\":\"2026-02-21T20:06:46+00:00\",\"dateModified\":\"2026-02-22T18:47:40+00:00\",\"breadcrumb\":{\"@id\":\"https:\\\/\\\/karateclubcorbas.com\\\/kcc_wp\\\/kcc_evenement\\\/competition-kata-du-karate-club-corbas\\\/#breadcrumb\"},\"inLanguage\":\"fr-FR\",\"potentialAction\":[{\"@type\":\"ReadAction\",\"target\":[\"https:\\\/\\\/karateclubcorbas.com\\\/kcc_wp\\\/kcc_evenement\\\/competition-kata-du-karate-club-corbas\\\/\"]}]},{\"@type\":\"ImageObject\",\"inLanguage\":\"fr-FR\",\"@id\":\"https:\\\/\\\/karateclubcorbas.com\\\/kcc_wp\\\/kcc_evenement\\\/competition-kata-du-karate-club-corbas\\\/#primaryimage\",\"url\":\"https:\\\/\\\/karateclubcorbas.com\\\/kcc_wp\\\/wp-content\\\/uploads\\\/2026\\\/02\\\/IMG_6743-scaled.jpg\",\"contentUrl\":\"https:\\\/\\\/karateclubcorbas.com\\\/kcc_wp\\\/wp-content\\\/uploads\\\/2026\\\/02\\\/IMG_6743-scaled.jpg\",\"width\":1810,\"height\":2560},{\"@type\":\"BreadcrumbList\",\"@id\":\"https:\\\/\\\/karateclubcorbas.com\\\/kcc_wp\\\/kcc_evenement\\\/competition-kata-du-karate-club-corbas\\\/#breadcrumb\",\"itemListElement\":[{\"@type\":\"ListItem\",\"position\":1,\"name\":\"Accueil\",\"item\":\"http:\\\/\\\/karateclubcorbas.com\\\/kcc_wp\\\/\"},{\"@type\":\"ListItem\",\"position\":2,\"name\":\"\u00c9v\u00e8nements\",\"item\":\"http:\\\/\\\/karateclubcorbas.com\\\/kcc_wp\\\/kcc_evenements\\\/\"},{\"@type\":\"ListItem\",\"position\":3,\"name\":\"Comp\u00e9tition Kata du Karat\u00e9 Club Corbas\"}]},{\"@type\":\"WebSite\",\"@id\":\"http:\\\/\\\/karateclubcorbas.com\\\/kcc_wp\\\/#website\",\"url\":\"http:\\\/\\\/karateclubcorbas.com\\\/kcc_wp\\\/\",\"name\":\"Karat\u00e9 Club Corbas\",\"description\":\"Le KCC, Depuis 1982\",\"publisher\":{\"@id\":\"http:\\\/\\\/karateclubcorbas.com\\\/kcc_wp\\\/#organization\"},\"alternateName\":\"KCC\",\"potentialAction\":[{\"@type\":\"SearchAction\",\"target\":{\"@type\":\"EntryPoint\",\"urlTemplate\":\"http:\\\/\\\/karateclubcorbas.com\\\/kcc_wp\\\/?s={search_term_string}\"},\"query-input\":{\"@type\":\"PropertyValueSpecification\",\"valueRequired\":true,\"valueName\":\"search_term_string\"}}],\"inLanguage\":\"fr-FR\"},{\"@type\":\"Organization\",\"@id\":\"http:\\\/\\\/karateclubcorbas.com\\\/kcc_wp\\\/#organization\",\"name\":\"Karat\u00e9 Club Corbas\",\"url\":\"http:\\\/\\\/karateclubcorbas.com\\\/kcc_wp\\\/\",\"logo\":{\"@type\":\"ImageObject\",\"inLanguage\":\"fr-FR\",\"@id\":\"http:\\\/\\\/karateclubcorbas.com\\\/kcc_wp\\\/#\\\/schema\\\/logo\\\/image\\\/\",\"url\":\"https:\\\/\\\/karateclubcorbas.com\\\/kcc_wp\\\/wp-content\\\/uploads\\\/2019\\\/10\\\/logo2019_2.png\",\"contentUrl\":\"https:\\\/\\\/karateclubcorbas.com\\\/kcc_wp\\\/wp-content\\\/uploads\\\/2019\\\/10\\\/logo2019_2.png\",\"width\":2004,\"height\":2004,\"caption\":\"Karat\u00e9 Club Corbas\"},\"image\":{\"@id\":\"http:\\\/\\\/karateclubcorbas.com\\\/kcc_wp\\\/#\\\/schema\\\/logo\\\/image\\\/\"},\"sameAs\":[\"http:\\\/\\\/www.instagram.com\\\/karateclubcorbas\"]}]}<\/script>\n<!-- \/ Yoast SEO plugin. -->","yoast_head_json":{"title":"Comp\u00e9tition Kata du Karat\u00e9 Club Corbas - Karat\u00e9 Club Corbas","robots":{"index":"index","follow":"follow","max-snippet":"max-snippet:-1","max-image-preview":"max-image-preview:large","max-video-preview":"max-video-preview:-1"},"canonical":"https:\/\/karateclubcorbas.com\/kcc_wp\/kcc_evenement\/competition-kata-du-karate-club-corbas\/","og_locale":"fr_FR","og_type":"article","og_title":"Comp\u00e9tition Kata du Karat\u00e9 Club Corbas - Karat\u00e9 Club Corbas","og_description":"T\u00e9l\u00e9chargez la fiche d&rsquo;inscription \u00a0","og_url":"https:\/\/karateclubcorbas.com\/kcc_wp\/kcc_evenement\/competition-kata-du-karate-club-corbas\/","og_site_name":"Karat\u00e9 Club Corbas","article_modified_time":"2026-02-22T18:47:40+00:00","og_image":[{"width":724,"height":1024,"url":"https:\/\/karateclubcorbas.com\/kcc_wp\/wp-content\/uploads\/2026\/02\/IMG_6743-724x1024.jpg","type":"image\/jpeg"}],"twitter_misc":{"Dur\u00e9e de lecture estim\u00e9e":"1 minute"},"schema":{"@context":"https:\/\/schema.org","@graph":[{"@type":"WebPage","@id":"https:\/\/karateclubcorbas.com\/kcc_wp\/kcc_evenement\/competition-kata-du-karate-club-corbas\/","url":"https:\/\/karateclubcorbas.com\/kcc_wp\/kcc_evenement\/competition-kata-du-karate-club-corbas\/","name":"Comp\u00e9tition Kata du Karat\u00e9 Club Corbas - Karat\u00e9 Club Corbas","isPartOf":{"@id":"http:\/\/karateclubcorbas.com\/kcc_wp\/#website"},"primaryImageOfPage":{"@id":"https:\/\/karateclubcorbas.com\/kcc_wp\/kcc_evenement\/competition-kata-du-karate-club-corbas\/#primaryimage"},"image":{"@id":"https:\/\/karateclubcorbas.com\/kcc_wp\/kcc_evenement\/competition-kata-du-karate-club-corbas\/#primaryimage"},"thumbnailUrl":"https:\/\/karateclubcorbas.com\/kcc_wp\/wp-content\/uploads\/2026\/02\/IMG_6743-scaled.jpg","datePublished":"2026-02-21T20:06:46+00:00","dateModified":"2026-02-22T18:47:40+00:00","breadcrumb":{"@id":"https:\/\/karateclubcorbas.com\/kcc_wp\/kcc_evenement\/competition-kata-du-karate-club-corbas\/#breadcrumb"},"inLanguage":"fr-FR","potentialAction":[{"@type":"ReadAction","target":["https:\/\/karateclubcorbas.com\/kcc_wp\/kcc_evenement\/competition-kata-du-karate-club-corbas\/"]}]},{"@type":"ImageObject","inLanguage":"fr-FR","@id":"https:\/\/karateclubcorbas.com\/kcc_wp\/kcc_evenement\/competition-kata-du-karate-club-corbas\/#primaryimage","url":"https:\/\/karateclubcorbas.com\/kcc_wp\/wp-content\/uploads\/2026\/02\/IMG_6743-scaled.jpg","contentUrl":"https:\/\/karateclubcorbas.com\/kcc_wp\/wp-content\/uploads\/2026\/02\/IMG_6743-scaled.jpg","width":1810,"height":2560},{"@type":"BreadcrumbList","@id":"https:\/\/karateclubcorbas.com\/kcc_wp\/kcc_evenement\/competition-kata-du-karate-club-corbas\/#breadcrumb","itemListElement":[{"@type":"ListItem","position":1,"name":"Accueil","item":"http:\/\/karateclubcorbas.com\/kcc_wp\/"},{"@type":"ListItem","position":2,"name":"\u00c9v\u00e8nements","item":"http:\/\/karateclubcorbas.com\/kcc_wp\/kcc_evenements\/"},{"@type":"ListItem","position":3,"name":"Comp\u00e9tition Kata du Karat\u00e9 Club Corbas"}]},{"@type":"WebSite","@id":"http:\/\/karateclubcorbas.com\/kcc_wp\/#website","url":"http:\/\/karateclubcorbas.com\/kcc_wp\/","name":"Karat\u00e9 Club Corbas","description":"Le KCC, Depuis 1982","publisher":{"@id":"http:\/\/karateclubcorbas.com\/kcc_wp\/#organization"},"alternateName":"KCC","potentialAction":[{"@type":"SearchAction","target":{"@type":"EntryPoint","urlTemplate":"http:\/\/karateclubcorbas.com\/kcc_wp\/?s={search_term_string}"},"query-input":{"@type":"PropertyValueSpecification","valueRequired":true,"valueName":"search_term_string"}}],"inLanguage":"fr-FR"},{"@type":"Organization","@id":"http:\/\/karateclubcorbas.com\/kcc_wp\/#organization","name":"Karat\u00e9 Club Corbas","url":"http:\/\/karateclubcorbas.com\/kcc_wp\/","logo":{"@type":"ImageObject","inLanguage":"fr-FR","@id":"http:\/\/karateclubcorbas.com\/kcc_wp\/#\/schema\/logo\/image\/","url":"https:\/\/karateclubcorbas.com\/kcc_wp\/wp-content\/uploads\/2019\/10\/logo2019_2.png","contentUrl":"https:\/\/karateclubcorbas.com\/kcc_wp\/wp-content\/uploads\/2019\/10\/logo2019_2.png","width":2004,"height":2004,"caption":"Karat\u00e9 Club Corbas"},"image":{"@id":"http:\/\/karateclubcorbas.com\/kcc_wp\/#\/schema\/logo\/image\/"},"sameAs":["http:\/\/www.instagram.com\/karateclubcorbas"]}]}},"_links":{"self":[{"href":"https:\/\/karateclubcorbas.com\/kcc_wp\/wp-json\/wp\/v2\/tribe_events\/3687","targetHints":{"allow":["GET"]}}],"collection":[{"href":"https:\/\/karateclubcorbas.com\/kcc_wp\/wp-json\/wp\/v2\/tribe_events"}],"about":[{"href":"https:\/\/karateclubcorbas.com\/kcc_wp\/wp-json\/wp\/v2\/types\/tribe_events"}],"author":[{"embeddable":true,"href":"https:\/\/karateclubcorbas.com\/kcc_wp\/wp-json\/wp\/v2\/users\/1"}],"version-history":[{"count":5,"href":"https:\/\/karateclubcorbas.com\/kcc_wp\/wp-json\/wp\/v2\/tribe_events\/3687\/revisions"}],"predecessor-version":[{"id":3702,"href":"https:\/\/karateclubcorbas.com\/kcc_wp\/wp-json\/wp\/v2\/tribe_events\/3687\/revisions\/3702"}],"wp:featuredmedia":[{"embeddable":true,"href":"https:\/\/karateclubcorbas.com\/kcc_wp\/wp-json\/wp\/v2\/media\/3700"}],"wp:attachment":[{"href":"https:\/\/karateclubcorbas.com\/kcc_wp\/wp-json\/wp\/v2\/media?parent=3687"}],"wp:term":[{"taxonomy":"post_tag","embeddable":true,"href":"https:\/\/karateclubcorbas.com\/kcc_wp\/wp-json\/wp\/v2\/tags?post=3687"},{"taxonomy":"tribe_events_cat","embeddable":true,"href":"https:\/\/karateclubcorbas.com\/kcc_wp\/wp-json\/wp\/v2\/tribe_events_cat?post=3687"}],"curies":[{"name":"wp","href":"https:\/\/api.w.org\/{rel}","templated":true}]}}